{"id":106,"date":"2020-08-22T18:12:41","date_gmt":"2020-08-22T18:12:41","guid":{"rendered":"https:\/\/huancavilca.org.ec\/sitio\/?page_id=106"},"modified":"2025-12-02T19:28:31","modified_gmt":"2025-12-02T19:28:31","slug":"quienes-somos","status":"publish","type":"page","link":"https:\/\/huancavilca.org.ec\/sitio\/quienes-somos\/","title":{"rendered":"\u00bfQui\u00e9nes somos?"},"content":{"rendered":"\t\t<div data-elementor-type=\"wp-page\" data-elementor-id=\"106\" class=\"elementor elementor-106\">\n\t\t\t\t\t\t<section class=\"elementor-section elementor-top-section elementor-element elementor-element-f3fdf16 elementor-section-full_width elementor-section-height-default elementor-section-height-default\" data-id=\"f3fdf16\" data-element_type=\"section\" data-settings=\"{&quot;background_background&quot;:&quot;classic&quot;}\">\n\t\t\t\t\t\t<div class=\"elementor-container elementor-column-gap-default\">\n\t\t\t\t\t<div class=\"elementor-column elementor-col-100 elementor-top-column elementor-element elementor-element-b94ea8a column-style-top column-top\" data-id=\"b94ea8a\" data-element_type=\"column\">\n\t\t\t<div class=\"elementor-widget-wrap elementor-element-populated\">\n\t\t\t\t\t\t<div class=\"elementor-element elementor-element-beb23be elementor-widget elementor-widget-gva-heading-block\" data-id=\"beb23be\" data-element_type=\"widget\" data-widget_type=\"gva-heading-block.default\">\n\t\t\t\t<div class=\"elementor-widget-container\">\n\t\t\t\t\t<div class=\"gva-element-gva-heading-block gva-element\">   <div class=\"align-center style-1 widget gsc-heading\">\r\n      <div class=\"content-inner\">\r\n                     <div class=\"heading-icon\"><img decoding=\"async\" src=\"https:\/\/huancavilca.org.ec\/sitio\/wp-content\/plugins\/gavias-oxpitan-themer\/elementor\/assets\/images\/icon-heading.png\" alt=\"Hubo, en lo que ahora son las tierras de la provincia del Guayas, una cultura luchadora, rebelde y respetuosa de la justicia: La cultura Huancavilca.\u00a0 En su honor y con el deseo de rescatar sus valores y emularlos, hemos tomado de ella nuestro nombre.\"\/><\/div>\r\n           \r\n                     <h2 class=\"title\">\r\n               <span>Hubo, en lo que ahora son las tierras de la provincia del Guayas, una cultura luchadora, rebelde y respetuosa de la justicia: La cultura Huancavilca.\u00a0 En su honor y con el deseo de rescatar sus valores y emularlos, hemos tomado de ella nuestro nombre.<\/span>\r\n            <\/h2>\r\n                           \r\n               <\/div>\r\n   <\/div>\r\n   <div class=\"clearfix\"><\/div>\r\n<\/div>\t\t\t\t<\/div>\n\t\t\t\t<\/div>\n\t\t\t\t\t<\/div>\n\t\t<\/div>\n\t\t\t\t\t<\/div>\n\t\t<\/section>\n\t\t\t\t<section class=\"elementor-section elementor-top-section elementor-element elementor-element-3e23286 elementor-section-boxed elementor-section-height-default elementor-section-height-default\" data-id=\"3e23286\" data-element_type=\"section\">\n\t\t\t\t\t\t<div class=\"elementor-container elementor-column-gap-default\">\n\t\t\t\t\t<div class=\"elementor-column elementor-col-100 elementor-top-column elementor-element elementor-element-7b0265b column-style-top column-top\" data-id=\"7b0265b\" data-element_type=\"column\">\n\t\t\t<div class=\"elementor-widget-wrap elementor-element-populated\">\n\t\t\t\t\t\t<div class=\"elementor-element elementor-element-a74ab43 elementor-widget elementor-widget-spacer\" data-id=\"a74ab43\" data-element_type=\"widget\" data-widget_type=\"spacer.default\">\n\t\t\t\t<div class=\"elementor-widget-container\">\n\t\t\t\t\t\t\t<div class=\"elementor-spacer\">\n\t\t\t<div class=\"elementor-spacer-inner\"><\/div>\n\t\t<\/div>\n\t\t\t\t\t\t<\/div>\n\t\t\t\t<\/div>\n\t\t\t\t\t<\/div>\n\t\t<\/div>\n\t\t\t\t\t<\/div>\n\t\t<\/section>\n\t\t\t\t<section class=\"elementor-section elementor-top-section elementor-element elementor-element-50469397 elementor-section-content-middle elementor-section-full_width elementor-section-height-default elementor-section-height-default\" data-id=\"50469397\" data-element_type=\"section\" data-settings=\"{&quot;background_background&quot;:&quot;classic&quot;}\">\n\t\t\t\t\t\t<div class=\"elementor-container elementor-column-gap-no\">\n\t\t\t\t\t<div class=\"elementor-column elementor-col-100 elementor-top-column elementor-element elementor-element-513b9aac column-style-top column-top\" data-id=\"513b9aac\" data-element_type=\"column\">\n\t\t\t<div class=\"elementor-widget-wrap elementor-element-populated\">\n\t\t\t\t\t\t<div class=\"elementor-element elementor-element-6c98da1e elementor-widget-divider--view-line elementor-widget elementor-widget-divider\" data-id=\"6c98da1e\" data-element_type=\"widget\" data-widget_type=\"divider.default\">\n\t\t\t\t<div class=\"elementor-widget-container\">\n\t\t\t\t\t\t\t<div class=\"elementor-divider\">\n\t\t\t<span class=\"elementor-divider-separator\">\n\t\t\t\t\t\t<\/span>\n\t\t<\/div>\n\t\t\t\t\t\t<\/div>\n\t\t\t\t<\/div>\n\t\t\t\t<section class=\"elementor-section elementor-inner-section elementor-element elementor-element-57889676 elementor-section-content-middle elementor-reverse-mobile elementor-section-boxed elementor-section-height-default elementor-section-height-default\" data-id=\"57889676\" data-element_type=\"section\">\n\t\t\t\t\t\t<div class=\"elementor-container elementor-column-gap-default\">\n\t\t\t\t\t<div class=\"elementor-column elementor-col-50 elementor-inner-column elementor-element elementor-element-535ce68c column-style-top column-top\" data-id=\"535ce68c\" data-element_type=\"column\">\n\t\t\t<div class=\"elementor-widget-wrap elementor-element-populated\">\n\t\t\t\t\t\t<div class=\"elementor-element elementor-element-7ea20120 elementor-widget elementor-widget-text-editor\" data-id=\"7ea20120\" data-element_type=\"widget\" data-widget_type=\"text-editor.default\">\n\t\t\t\t<div class=\"elementor-widget-container\">\n\t\t\t\t\t\t\t\t\t<p class=\"p1\"><span class=\"s1\">En junio de 1992, un grupo de empresarios liderados por el se\u00f1or Marcel Laniado de Wind, impulsaron el proyecto para crear el Centro de Desarrollo Integral Comunitario de El Guasmo &#8211; Guayaquil. Fue as\u00ed, que el 17 de febrero de 1993 naci\u00f3 Fundaci\u00f3n Huancavilca como una Organizaci\u00f3n No Gubernamental (O. N. G), sin fines de lucro, adquiriendo personer\u00eda jur\u00eddica mediante Acuerdo Ministerial No. 00110 del Registro Oficial N\u00ba 131. Este grupo de fundadores se conform\u00f3 por: Banco del Pac\u00edfico S.A., Sociedad Agr\u00edcola e Industrial San Carlos S.A., Jaboner\u00eda Nacional S.A., Fundaci\u00f3n Offsetec, Universidad Cat\u00f3lica de Santiago de Guayaquil, el Se\u00f1or Rodrigo Laniado de Wind y el Sr. Antonio Pino Vernaza; empresas y empresarios con un alto sentido de responsabilidad social.<\/span><\/p><p class=\"p1\"><span class=\"s1\">El proyecto cont\u00f3 con el aval inicial de Fundaci\u00f3n CODESPA Futuro en Marcha de Espa\u00f1a, quien gestion\u00f3 ante el Gobierno de Espa\u00f1a el primer fondo para el montaje del Centro de Desarrollo Integral Comunitario de El Guasmo.<\/span><\/p><p class=\"p1\"><span class=\"s1\">Fundaci\u00f3n Huancavilca, ha contado con la cooperaci\u00f3n de la Muy Ilustre Municipalidad de Guayaquil, quien ha dado en comodato las tierras para el montaje y operaci\u00f3n de los Centro de Desarrollo Integral Comunitario ubicados en Guasmo y Prosperina.<\/span><\/p>\t\t\t\t\t\t\t\t<\/div>\n\t\t\t\t<\/div>\n\t\t\t\t\t<\/div>\n\t\t<\/div>\n\t\t\t\t<div class=\"elementor-column elementor-col-50 elementor-inner-column elementor-element elementor-element-782d1838 column-style-top column-top\" data-id=\"782d1838\" data-element_type=\"column\" data-settings=\"{&quot;background_background&quot;:&quot;classic&quot;}\">\n\t\t\t<div class=\"elementor-widget-wrap elementor-element-populated\">\n\t\t\t\t\t\t<div class=\"elementor-element elementor-element-20c9207 elementor-widget elementor-widget-heading\" data-id=\"20c9207\" data-element_type=\"widget\" data-widget_type=\"heading.default\">\n\t\t\t\t<div class=\"elementor-widget-container\">\n\t\t\t\t\t<h4 class=\"elementor-heading-title elementor-size-default\">01<\/h4>\t\t\t\t<\/div>\n\t\t\t\t<\/div>\n\t\t\t\t<div class=\"elementor-element elementor-element-6162e0e elementor-widget elementor-widget-text-editor\" data-id=\"6162e0e\" data-element_type=\"widget\" data-widget_type=\"text-editor.default\">\n\t\t\t\t<div class=\"elementor-widget-container\">\n\t\t\t\t\t\t\t\t\t<p>June 1992<\/p>\t\t\t\t\t\t\t\t<\/div>\n\t\t\t\t<\/div>\n\t\t\t\t\t<\/div>\n\t\t<\/div>\n\t\t\t\t\t<\/div>\n\t\t<\/section>\n\t\t\t\t\t<\/div>\n\t\t<\/div>\n\t\t\t\t\t<\/div>\n\t\t<\/section>\n\t\t\t\t<section class=\"elementor-section elementor-top-section elementor-element elementor-element-72e2941b elementor-section-content-middle elementor-section-boxed elementor-section-height-default elementor-section-height-default\" data-id=\"72e2941b\" data-element_type=\"section\">\n\t\t\t\t\t\t<div class=\"elementor-container elementor-column-gap-no\">\n\t\t\t\t\t<div class=\"elementor-column elementor-col-50 elementor-top-column elementor-element elementor-element-766829a8 column-style-top column-top\" data-id=\"766829a8\" data-element_type=\"column\">\n\t\t\t<div class=\"elementor-widget-wrap elementor-element-populated\">\n\t\t\t\t\t\t<div class=\"elementor-element elementor-element-628eb327 elementor-widget elementor-widget-heading\" data-id=\"628eb327\" data-element_type=\"widget\" data-widget_type=\"heading.default\">\n\t\t\t\t<div class=\"elementor-widget-container\">\n\t\t\t\t\t<h4 class=\"elementor-heading-title elementor-size-default\">Nuestra Misi\u00f3n<\/h4>\t\t\t\t<\/div>\n\t\t\t\t<\/div>\n\t\t\t\t\t<\/div>\n\t\t<\/div>\n\t\t\t\t<div class=\"elementor-column elementor-col-50 elementor-top-column elementor-element elementor-element-569a2eac column-style-top column-top\" data-id=\"569a2eac\" data-element_type=\"column\">\n\t\t\t<div class=\"elementor-widget-wrap elementor-element-populated\">\n\t\t\t\t\t\t<div class=\"elementor-element elementor-element-6142a38a elementor-widget elementor-widget-text-editor\" data-id=\"6142a38a\" data-element_type=\"widget\" data-widget_type=\"text-editor.default\">\n\t\t\t\t<div class=\"elementor-widget-container\">\n\t\t\t\t\t\t\t\t\t<p>Promover y contribuir al desarrollo de capacidades y oportunidades individuales y colectivas para las familias vulnerables en situaci\u00f3n de pobreza y extrema pobreza.<\/p>\t\t\t\t\t\t\t\t<\/div>\n\t\t\t\t<\/div>\n\t\t\t\t\t<\/div>\n\t\t<\/div>\n\t\t\t\t\t<\/div>\n\t\t<\/section>\n\t\t\t\t<section class=\"elementor-section elementor-top-section elementor-element elementor-element-28accbdc elementor-section-content-middle elementor-section-boxed elementor-section-height-default elementor-section-height-default\" data-id=\"28accbdc\" data-element_type=\"section\">\n\t\t\t\t\t\t<div class=\"elementor-container elementor-column-gap-no\">\n\t\t\t\t\t<div class=\"elementor-column elementor-col-50 elementor-top-column elementor-element elementor-element-201205db column-style-top column-top\" data-id=\"201205db\" data-element_type=\"column\">\n\t\t\t<div class=\"elementor-widget-wrap elementor-element-populated\">\n\t\t\t\t\t\t<div class=\"elementor-element elementor-element-2c1b7083 elementor-widget elementor-widget-heading\" data-id=\"2c1b7083\" data-element_type=\"widget\" data-widget_type=\"heading.default\">\n\t\t\t\t<div class=\"elementor-widget-container\">\n\t\t\t\t\t<h4 class=\"elementor-heading-title elementor-size-default\">Nuestra Visi\u00f3n<\/h4>\t\t\t\t<\/div>\n\t\t\t\t<\/div>\n\t\t\t\t\t<\/div>\n\t\t<\/div>\n\t\t\t\t<div class=\"elementor-column elementor-col-50 elementor-top-column elementor-element elementor-element-e104cc8 column-style-top column-top\" data-id=\"e104cc8\" data-element_type=\"column\">\n\t\t\t<div class=\"elementor-widget-wrap elementor-element-populated\">\n\t\t\t\t\t\t<div class=\"elementor-element elementor-element-31ec112a elementor-widget elementor-widget-text-editor\" data-id=\"31ec112a\" data-element_type=\"widget\" data-widget_type=\"text-editor.default\">\n\t\t\t\t<div class=\"elementor-widget-container\">\n\t\t\t\t\t\t\t\t\t<p>La Fundaci\u00f3n Huancavilca es una organizaci\u00f3n social sin fines de lucro que promueve capacidades y oportunidades para el cambio social que aporte a la erradicaci\u00f3n de la pobreza, la miseria y la violencia, contribuyendo a la paz social del Ecuador.<\/p>\t\t\t\t\t\t\t\t<\/div>\n\t\t\t\t<\/div>\n\t\t\t\t\t<\/div>\n\t\t<\/div>\n\t\t\t\t\t<\/div>\n\t\t<\/section>\n\t\t\t\t<section class=\"elementor-section elementor-top-section elementor-element elementor-element-57e5a040 elementor-section-content-middle elementor-section-boxed elementor-section-height-default elementor-section-height-default\" data-id=\"57e5a040\" data-element_type=\"section\">\n\t\t\t\t\t\t<div class=\"elementor-container elementor-column-gap-no\">\n\t\t\t\t\t<div class=\"elementor-column elementor-col-100 elementor-top-column elementor-element elementor-element-5cd3d1c4 column-style-top column-top\" data-id=\"5cd3d1c4\" data-element_type=\"column\">\n\t\t\t<div class=\"elementor-widget-wrap elementor-element-populated\">\n\t\t\t\t\t\t<div class=\"elementor-element elementor-element-cc24be5 elementor-widget elementor-widget-heading\" data-id=\"cc24be5\" data-element_type=\"widget\" data-widget_type=\"heading.default\">\n\t\t\t\t<div class=\"elementor-widget-container\">\n\t\t\t\t\t<h3 class=\"elementor-heading-title elementor-size-default\">Resultados<\/h3>\t\t\t\t<\/div>\n\t\t\t\t<\/div>\n\t\t\t\t<section class=\"elementor-section elementor-inner-section elementor-element elementor-element-56e6a18f elementor-section-boxed elementor-section-height-default elementor-section-height-default\" data-id=\"56e6a18f\" data-element_type=\"section\">\n\t\t\t\t\t\t<div class=\"elementor-container elementor-column-gap-default\">\n\t\t\t\t\t<div class=\"elementor-column elementor-col-50 elementor-inner-column elementor-element elementor-element-566bea6f column-style-top column-top\" data-id=\"566bea6f\" data-element_type=\"column\">\n\t\t\t<div class=\"elementor-widget-wrap elementor-element-populated\">\n\t\t\t\t\t\t<div class=\"elementor-element elementor-element-461931a elementor-widget elementor-widget-counter\" data-id=\"461931a\" data-element_type=\"widget\" data-widget_type=\"counter.default\">\n\t\t\t\t<div class=\"elementor-widget-container\">\n\t\t\t\t\t\t\t<div class=\"elementor-counter\">\n\t\t\t\t\t\t<div class=\"elementor-counter-number-wrapper\">\n\t\t\t\t<span class=\"elementor-counter-number-prefix\">Aprox.<\/span>\n\t\t\t\t<span class=\"elementor-counter-number\" data-duration=\"5000\" data-to-value=\"18000\" data-from-value=\"1\" data-delimiter=\",\">1<\/span>\n\t\t\t\t<span class=\"elementor-counter-number-suffix\"><\/span>\n\t\t\t<\/div>\n\t\t<\/div>\n\t\t\t\t\t\t<\/div>\n\t\t\t\t<\/div>\n\t\t\t\t<div class=\"elementor-element elementor-element-376d171 elementor-hidden-desktop elementor-hidden-tablet elementor-hidden-mobile elementor-widget elementor-widget-text-editor\" data-id=\"376d171\" data-element_type=\"widget\" data-widget_type=\"text-editor.default\">\n\t\t\t\t<div class=\"elementor-widget-container\">\n\t\t\t\t\t\t\t\t\t<p><span class=\"symbol before\">Aprox.<\/span><\/p>\t\t\t\t\t\t\t\t<\/div>\n\t\t\t\t<\/div>\n\t\t\t\t<div class=\"elementor-element elementor-element-6ec649ee elementor-widget elementor-widget-text-editor\" data-id=\"6ec649ee\" data-element_type=\"widget\" data-widget_type=\"text-editor.default\">\n\t\t\t\t<div class=\"elementor-widget-container\">\n\t\t\t\t\t\t\t\t\t<p>Ni\u00f1os, ni\u00f1as, adolescentes y j\u00f3venes han participado en los diferentes programas y proyectos<\/p>\t\t\t\t\t\t\t\t<\/div>\n\t\t\t\t<\/div>\n\t\t\t\t\t<\/div>\n\t\t<\/div>\n\t\t\t\t<div class=\"elementor-column elementor-col-50 elementor-inner-column elementor-element elementor-element-67d15003 column-style-top column-top\" data-id=\"67d15003\" data-element_type=\"column\">\n\t\t\t<div class=\"elementor-widget-wrap elementor-element-populated\">\n\t\t\t\t\t\t<div class=\"elementor-element elementor-element-480a5267 elementor-widget elementor-widget-counter\" data-id=\"480a5267\" data-element_type=\"widget\" data-widget_type=\"counter.default\">\n\t\t\t\t<div class=\"elementor-widget-container\">\n\t\t\t\t\t\t\t<div class=\"elementor-counter\">\n\t\t\t\t\t\t<div class=\"elementor-counter-number-wrapper\">\n\t\t\t\t<span class=\"elementor-counter-number-prefix\">Aprox.<\/span>\n\t\t\t\t<span class=\"elementor-counter-number\" data-duration=\"5000\" data-to-value=\"21000\" data-from-value=\"1\" data-delimiter=\",\">1<\/span>\n\t\t\t\t<span class=\"elementor-counter-number-suffix\"><\/span>\n\t\t\t<\/div>\n\t\t<\/div>\n\t\t\t\t\t\t<\/div>\n\t\t\t\t<\/div>\n\t\t\t\t<div class=\"elementor-element elementor-element-2bfde882 elementor-hidden-desktop elementor-hidden-tablet elementor-hidden-mobile elementor-widget elementor-widget-text-editor\" data-id=\"2bfde882\" data-element_type=\"widget\" data-widget_type=\"text-editor.default\">\n\t\t\t\t<div class=\"elementor-widget-container\">\n\t\t\t\t\t\t\t\t\t<p>Familias<\/p>\t\t\t\t\t\t\t\t<\/div>\n\t\t\t\t<\/div>\n\t\t\t\t<div class=\"elementor-element elementor-element-78832673 elementor-widget elementor-widget-text-editor\" data-id=\"78832673\" data-element_type=\"widget\" data-widget_type=\"text-editor.default\">\n\t\t\t\t<div class=\"elementor-widget-container\">\n\t\t\t\t\t\t\t\t\t<p>Capacitaci\u00f3n t\u00e9cnica y Emprendedores.<\/p>\t\t\t\t\t\t\t\t<\/div>\n\t\t\t\t<\/div>\n\t\t\t\t\t<\/div>\n\t\t<\/div>\n\t\t\t\t\t<\/div>\n\t\t<\/section>\n\t\t\t\t\t<\/div>\n\t\t<\/div>\n\t\t\t\t\t<\/div>\n\t\t<\/section>\n\t\t\t\t<section class=\"elementor-section elementor-top-section elementor-element elementor-element-4e901d25 elementor-section-content-middle elementor-section-boxed elementor-section-height-default elementor-section-height-default\" data-id=\"4e901d25\" data-element_type=\"section\">\n\t\t\t\t\t\t<div class=\"elementor-container elementor-column-gap-no\">\n\t\t\t\t\t<div class=\"elementor-column elementor-col-50 elementor-top-column elementor-element elementor-element-2c5c7ebc column-style-top column-top\" data-id=\"2c5c7ebc\" data-element_type=\"column\">\n\t\t\t<div class=\"elementor-widget-wrap elementor-element-populated\">\n\t\t\t\t\t\t<div class=\"elementor-element elementor-element-429cb5ea elementor-widget elementor-widget-heading\" data-id=\"429cb5ea\" data-element_type=\"widget\" data-widget_type=\"heading.default\">\n\t\t\t\t<div class=\"elementor-widget-container\">\n\t\t\t\t\t<h4 class=\"elementor-heading-title elementor-size-default\">Nuestros Objetivos<\/h4>\t\t\t\t<\/div>\n\t\t\t\t<\/div>\n\t\t\t\t\t<\/div>\n\t\t<\/div>\n\t\t\t\t<div class=\"elementor-column elementor-col-50 elementor-top-column elementor-element elementor-element-c18aea3 column-style-top column-top\" data-id=\"c18aea3\" data-element_type=\"column\">\n\t\t\t<div class=\"elementor-widget-wrap elementor-element-populated\">\n\t\t\t\t\t\t<div class=\"elementor-element elementor-element-5194d117 elementor-widget elementor-widget-text-editor\" data-id=\"5194d117\" data-element_type=\"widget\" data-widget_type=\"text-editor.default\">\n\t\t\t\t<div class=\"elementor-widget-container\">\n\t\t\t\t\t\t\t\t\t<ul class=\"ul1\"><li class=\"li1\"><p><span lang=\"ES-EC\" style=\"font-family: 'Arial Nova',sans-serif;\">En la Fundaci\u00f3n Huancavilca trabajamos para:<\/span><\/p><p><strong><span lang=\"ES-EC\" style=\"font-family: 'Arial Nova',sans-serif;\">1. Impulsar oportunidades de aprendizaje y desarrollo<\/span><\/strong><span lang=\"ES-EC\" style=\"font-family: 'Arial Nova',sans-serif;\"><br \/>Creamos y ejecutamos proyectos de educaci\u00f3n y fortalecimiento econ\u00f3mico para personas de todas las edades, promoviendo inclusi\u00f3n y equidad.<\/span><\/p><p><strong><span lang=\"ES-EC\" style=\"font-family: 'Arial Nova',sans-serif;\">2. Comprender mejor la realidad de nuestras comunidades<\/span><\/strong><span lang=\"ES-EC\" style=\"font-family: 'Arial Nova',sans-serif;\"><br \/>Realizamos investigaciones participativas que nos permiten conocer las necesidades y condiciones de vida de la poblaci\u00f3n, asegurando que nuestros programas sean \u00fatiles, innovadores y sostenibles.<\/span><\/p><p><strong><span lang=\"ES-EC\" style=\"font-family: 'Arial Nova',sans-serif;\">3. Fortalecer la organizaci\u00f3n y el trabajo comunitario<\/span><\/strong><span lang=\"ES-EC\" style=\"font-family: 'Arial Nova',sans-serif;\"><br \/>Promovemos la corresponsabilidad, el compromiso c\u00edvico y la autogesti\u00f3n, apoyando a las comunidades en la creaci\u00f3n y gesti\u00f3n de sus propias iniciativas de desarrollo local.<\/span><\/p><p><strong><span lang=\"ES-EC\" style=\"font-family: 'Arial Nova',sans-serif;\">4. Apoyar el bienestar integral de la ni\u00f1ez y juventud<\/span><\/strong><span lang=\"ES-EC\" style=\"font-family: 'Arial Nova',sans-serif;\"><br \/>Implementamos programas de estimulaci\u00f3n temprana, acompa\u00f1amiento en salud mental, arte, deporte, capacitaci\u00f3n familiar y apoyo a emprendimientos, priorizando a quienes viven en situaci\u00f3n de vulnerabilidad.<\/span><\/p><p><strong><span lang=\"ES-EC\" style=\"font-family: 'Arial Nova',sans-serif;\">5. Trabajar en alianza con instituciones y organizaciones<\/span><\/strong><span lang=\"ES-EC\" style=\"font-family: 'Arial Nova',sans-serif;\"><br \/>Cooperamos con entidades p\u00fablicas, privadas y comunitarias para impulsar proyectos que mejoren la calidad de vida y generen nuevas oportunidades de desarrollo.<\/span><\/p><p><strong><span lang=\"ES-EC\" style=\"font-family: 'Arial Nova',sans-serif;\">6. Replicar nuestro modelo de desarrollo integral<\/span><\/strong><span lang=\"ES-EC\" style=\"font-family: 'Arial Nova',sans-serif;\"><br \/>Llevamos nuestras metodolog\u00edas a sectores vulnerables, adapt\u00e1ndolas a cada territorio para promover inclusi\u00f3n y mejorar las condiciones socioecon\u00f3micas.<\/span><\/p><\/li><\/ul>\t\t\t\t\t\t\t\t<\/div>\n\t\t\t\t<\/div>\n\t\t\t\t\t<\/div>\n\t\t<\/div>\n\t\t\t\t\t<\/div>\n\t\t<\/section>\n\t\t\t\t<section class=\"elementor-section elementor-top-section elementor-element elementor-element-62dc6bb7 elementor-section-content-middle elementor-hidden-desktop elementor-hidden-tablet elementor-hidden-mobile elementor-section-boxed elementor-section-height-default elementor-section-height-default\" data-id=\"62dc6bb7\" data-element_type=\"section\">\n\t\t\t\t\t\t<div class=\"elementor-container elementor-column-gap-no\">\n\t\t\t\t\t<div class=\"elementor-column elementor-col-100 elementor-top-column elementor-element elementor-element-1beb6887 column-style-top column-top\" data-id=\"1beb6887\" data-element_type=\"column\">\n\t\t\t<div class=\"elementor-widget-wrap elementor-element-populated\">\n\t\t\t\t\t\t<div class=\"elementor-element elementor-element-571bafca elementor-widget elementor-widget-heading\" data-id=\"571bafca\" data-element_type=\"widget\" data-widget_type=\"heading.default\">\n\t\t\t\t<div class=\"elementor-widget-container\">\n\t\t\t\t\t<h4 class=\"elementor-heading-title elementor-size-default\">Acciones<\/h4>\t\t\t\t<\/div>\n\t\t\t\t<\/div>\n\t\t\t\t<section class=\"elementor-section elementor-inner-section elementor-element elementor-element-2fe2d5ff elementor-section-content-middle elementor-section-boxed elementor-section-height-default elementor-section-height-default\" data-id=\"2fe2d5ff\" data-element_type=\"section\">\n\t\t\t\t\t\t<div class=\"elementor-container elementor-column-gap-no\">\n\t\t\t\t\t<div class=\"elementor-column elementor-col-33 elementor-inner-column elementor-element elementor-element-749d4361 column-style-top column-top\" data-id=\"749d4361\" data-element_type=\"column\">\n\t\t\t<div class=\"elementor-widget-wrap elementor-element-populated\">\n\t\t\t\t\t\t<div class=\"elementor-element elementor-element-252f3420 elementor-widget elementor-widget-image\" data-id=\"252f3420\" data-element_type=\"widget\" data-widget_type=\"image.default\">\n\t\t\t\t<div class=\"elementor-widget-container\">\n\t\t\t\t\t\t\t\t\t\t\t\t\t\t\t<img fetchpriority=\"high\" decoding=\"async\" width=\"900\" height=\"900\" src=\"https:\/\/huancavilca.org.ec\/sitio\/wp-content\/uploads\/2020\/09\/BASQUET-MISION.jpg\" class=\"attachment-large size-large wp-image-344\" alt=\"\" \/>\t\t\t\t\t\t\t\t\t\t\t\t\t\t\t<\/div>\n\t\t\t\t<\/div>\n\t\t\t\t\t<\/div>\n\t\t<\/div>\n\t\t\t\t<div class=\"elementor-column elementor-col-33 elementor-inner-column elementor-element elementor-element-d8d20b7 column-style-top column-top\" data-id=\"d8d20b7\" data-element_type=\"column\">\n\t\t\t<div class=\"elementor-widget-wrap elementor-element-populated\">\n\t\t\t\t\t\t<div class=\"elementor-element elementor-element-32d96e05 elementor-widget elementor-widget-heading\" data-id=\"32d96e05\" data-element_type=\"widget\" data-widget_type=\"heading.default\">\n\t\t\t\t<div class=\"elementor-widget-container\">\n\t\t\t\t\t<h2 class=\"elementor-heading-title elementor-size-default\">Valores<\/h2>\t\t\t\t<\/div>\n\t\t\t\t<\/div>\n\t\t\t\t<div class=\"elementor-element elementor-element-1e7b1a08 elementor-widget elementor-widget-text-editor\" data-id=\"1e7b1a08\" data-element_type=\"widget\" data-widget_type=\"text-editor.default\">\n\t\t\t\t<div class=\"elementor-widget-container\">\n\t\t\t\t\t\t\t\t\t<p>Reforzar valores humanos en los menores a trav\u00e9s de las pr\u00e1cticas diarias sobres valores detectados por los beneficiarios.<\/p><p>\u00a0<\/p>\t\t\t\t\t\t\t\t<\/div>\n\t\t\t\t<\/div>\n\t\t\t\t\t<\/div>\n\t\t<\/div>\n\t\t\t\t<div class=\"elementor-column elementor-col-33 elementor-inner-column elementor-element elementor-element-6eae3d3e column-style-top column-top\" data-id=\"6eae3d3e\" data-element_type=\"column\">\n\t\t\t<div class=\"elementor-widget-wrap elementor-element-populated\">\n\t\t\t\t\t\t<div class=\"elementor-element elementor-element-524a4d7e elementor-widget elementor-widget-image\" data-id=\"524a4d7e\" data-element_type=\"widget\" data-widget_type=\"image.default\">\n\t\t\t\t<div class=\"elementor-widget-container\">\n\t\t\t\t\t\t\t\t\t\t\t\t\t\t\t<img decoding=\"async\" width=\"900\" height=\"900\" src=\"https:\/\/huancavilca.org.ec\/sitio\/wp-content\/uploads\/2020\/09\/BALLET-MISION.jpg\" class=\"attachment-large size-large wp-image-343\" alt=\"\" \/>\t\t\t\t\t\t\t\t\t\t\t\t\t\t\t<\/div>\n\t\t\t\t<\/div>\n\t\t\t\t\t<\/div>\n\t\t<\/div>\n\t\t\t\t\t<\/div>\n\t\t<\/section>\n\t\t\t\t<section class=\"elementor-section elementor-inner-section elementor-element elementor-element-2e3504eb elementor-section-content-middle elementor-section-boxed elementor-section-height-default elementor-section-height-default\" data-id=\"2e3504eb\" data-element_type=\"section\">\n\t\t\t\t\t\t<div class=\"elementor-container elementor-column-gap-no\">\n\t\t\t\t\t<div class=\"elementor-column elementor-col-33 elementor-inner-column elementor-element elementor-element-57dc94ce column-style-top column-top\" data-id=\"57dc94ce\" data-element_type=\"column\">\n\t\t\t<div class=\"elementor-widget-wrap elementor-element-populated\">\n\t\t\t\t\t\t<div class=\"elementor-element elementor-element-78ae0c9f elementor-widget elementor-widget-heading\" data-id=\"78ae0c9f\" data-element_type=\"widget\" data-widget_type=\"heading.default\">\n\t\t\t\t<div class=\"elementor-widget-container\">\n\t\t\t\t\t<h2 class=\"elementor-heading-title elementor-size-default\">Cultura y deporte<\/h2>\t\t\t\t<\/div>\n\t\t\t\t<\/div>\n\t\t\t\t<div class=\"elementor-element elementor-element-578f9557 elementor-widget elementor-widget-text-editor\" data-id=\"578f9557\" data-element_type=\"widget\" data-widget_type=\"text-editor.default\">\n\t\t\t\t<div class=\"elementor-widget-container\">\n\t\t\t\t\t\t\t\t\t<p>Potencializar actividades deportivas y culturales a trav\u00e9s de la pr\u00e1ctica de defensa personal, baloncesto, danza y m\u00fasica.\u200b<\/p><p>\u00a0<\/p>\t\t\t\t\t\t\t\t<\/div>\n\t\t\t\t<\/div>\n\t\t\t\t\t<\/div>\n\t\t<\/div>\n\t\t\t\t<div class=\"elementor-column elementor-col-33 elementor-inner-column elementor-element elementor-element-170c23eb column-style-top column-top\" data-id=\"170c23eb\" data-element_type=\"column\">\n\t\t\t<div class=\"elementor-widget-wrap elementor-element-populated\">\n\t\t\t\t\t\t<div class=\"elementor-element elementor-element-384d8cc8 elementor-widget elementor-widget-image\" data-id=\"384d8cc8\" data-element_type=\"widget\" data-widget_type=\"image.default\">\n\t\t\t\t<div class=\"elementor-widget-container\">\n\t\t\t\t\t\t\t\t\t\t\t\t\t\t\t<img decoding=\"async\" width=\"900\" height=\"900\" src=\"https:\/\/huancavilca.org.ec\/sitio\/wp-content\/uploads\/2020\/09\/ORQUESTA-MISION.jpg\" class=\"attachment-large size-large wp-image-345\" alt=\"\" \/>\t\t\t\t\t\t\t\t\t\t\t\t\t\t\t<\/div>\n\t\t\t\t<\/div>\n\t\t\t\t\t<\/div>\n\t\t<\/div>\n\t\t\t\t<div class=\"elementor-column elementor-col-33 elementor-inner-column elementor-element elementor-element-29d67d1e column-style-top column-top\" data-id=\"29d67d1e\" data-element_type=\"column\">\n\t\t\t<div class=\"elementor-widget-wrap elementor-element-populated\">\n\t\t\t\t\t\t<div class=\"elementor-element elementor-element-895e947 elementor-widget elementor-widget-heading\" data-id=\"895e947\" data-element_type=\"widget\" data-widget_type=\"heading.default\">\n\t\t\t\t<div class=\"elementor-widget-container\">\n\t\t\t\t\t<h2 class=\"elementor-heading-title elementor-size-default\">Comunidad<\/h2>\t\t\t\t<\/div>\n\t\t\t\t<\/div>\n\t\t\t\t<div class=\"elementor-element elementor-element-6a9a8f3e elementor-widget elementor-widget-text-editor\" data-id=\"6a9a8f3e\" data-element_type=\"widget\" data-widget_type=\"text-editor.default\">\n\t\t\t\t<div class=\"elementor-widget-container\">\n\t\t\t\t\t\t\t\t\t<p>Organizar a los padres y madres de familia como personas que promueven el desarrollo comunitario para poder planificar y ejecutar actividades en bien de sus hijos, sus hijas y su comunidad.\u200b<\/p><p>\u00a0<\/p>\t\t\t\t\t\t\t\t<\/div>\n\t\t\t\t<\/div>\n\t\t\t\t\t<\/div>\n\t\t<\/div>\n\t\t\t\t\t<\/div>\n\t\t<\/section>\n\t\t\t\t\t<\/div>\n\t\t<\/div>\n\t\t\t\t\t<\/div>\n\t\t<\/section>\n\t\t\t\t<\/div>\n\t\t","protected":false},"excerpt":{"rendered":"<p>Hubo, en lo que ahora son las tierras de la provincia del Guayas, una cultura luchadora, rebelde y respetuosa de la justicia: La cultura Huancavilca.\u00a0 En su honor y con el deseo de rescatar sus valores y emularlos, hemos tomado de ella nuestro nombre. En junio de 1992, un grupo de empresarios liderados por el [&hellip;]<\/p>\n","protected":false},"author":1,"featured_media":0,"parent":0,"menu_order":0,"comment_status":"closed","ping_status":"closed","template":"","meta":{"footnotes":""},"class_list":["post-106","page","type-page","status-publish","hentry"],"yoast_head":"<!-- This site is optimized with the Yoast SEO plugin v27.3 - https:\/\/yoast.com\/product\/yoast-seo-wordpress\/ -->\n<title>\u00bfQui\u00e9nes somos? - Fundaci\u00f3n Huancavilca<\/title>\n<meta name=\"robots\" content=\"index, follow, max-snippet:-1, max-image-preview:large, max-video-preview:-1\" \/>\n<link rel=\"canonical\" href=\"https:\/\/huancavilca.org.ec\/sitio\/quienes-somos\/\" \/>\n<meta property=\"og:locale\" content=\"es_ES\" \/>\n<meta property=\"og:type\" content=\"article\" \/>\n<meta property=\"og:title\" content=\"\u00bfQui\u00e9nes somos? - Fundaci\u00f3n Huancavilca\" \/>\n<meta property=\"og:description\" content=\"Hubo, en lo que ahora son las tierras de la provincia del Guayas, una cultura luchadora, rebelde y respetuosa de la justicia: La cultura Huancavilca.\u00a0 En su honor y con el deseo de rescatar sus valores y emularlos, hemos tomado de ella nuestro nombre. En junio de 1992, un grupo de empresarios liderados por el [&hellip;]\" \/>\n<meta property=\"og:url\" content=\"https:\/\/huancavilca.org.ec\/sitio\/quienes-somos\/\" \/>\n<meta property=\"og:site_name\" content=\"Fundaci\u00f3n Huancavilca\" \/>\n<meta property=\"article:publisher\" content=\"https:\/\/www.facebook.com\/FundacionHuancavilca\/?locale=es_LA\" \/>\n<meta property=\"article:modified_time\" content=\"2025-12-02T19:28:31+00:00\" \/>\n<meta property=\"og:image\" content=\"https:\/\/huancavilca.org.ec\/sitio\/wp-content\/plugins\/gavias-oxpitan-themer\/elementor\/assets\/images\/icon-heading.png\" \/>\n<meta name=\"twitter:card\" content=\"summary_large_image\" \/>\n<meta name=\"twitter:site\" content=\"@FundHuancavilca\" \/>\n<meta name=\"twitter:label1\" content=\"Tiempo de lectura\" \/>\n\t<meta name=\"twitter:data1\" content=\"4 minutos\" \/>\n<script type=\"application\/ld+json\" class=\"yoast-schema-graph\">{\"@context\":\"https:\\\/\\\/schema.org\",\"@graph\":[{\"@type\":\"WebPage\",\"@id\":\"https:\\\/\\\/huancavilca.org.ec\\\/sitio\\\/quienes-somos\\\/\",\"url\":\"https:\\\/\\\/huancavilca.org.ec\\\/sitio\\\/quienes-somos\\\/\",\"name\":\"\u00bfQui\u00e9nes somos? - Fundaci\u00f3n Huancavilca\",\"isPartOf\":{\"@id\":\"https:\\\/\\\/huancavilca.org.ec\\\/sitio\\\/#website\"},\"primaryImageOfPage\":{\"@id\":\"https:\\\/\\\/huancavilca.org.ec\\\/sitio\\\/quienes-somos\\\/#primaryimage\"},\"image\":{\"@id\":\"https:\\\/\\\/huancavilca.org.ec\\\/sitio\\\/quienes-somos\\\/#primaryimage\"},\"thumbnailUrl\":\"https:\\\/\\\/huancavilca.org.ec\\\/sitio\\\/wp-content\\\/plugins\\\/gavias-oxpitan-themer\\\/elementor\\\/assets\\\/images\\\/icon-heading.png\",\"datePublished\":\"2020-08-22T18:12:41+00:00\",\"dateModified\":\"2025-12-02T19:28:31+00:00\",\"breadcrumb\":{\"@id\":\"https:\\\/\\\/huancavilca.org.ec\\\/sitio\\\/quienes-somos\\\/#breadcrumb\"},\"inLanguage\":\"es\",\"potentialAction\":[{\"@type\":\"ReadAction\",\"target\":[\"https:\\\/\\\/huancavilca.org.ec\\\/sitio\\\/quienes-somos\\\/\"]}]},{\"@type\":\"ImageObject\",\"inLanguage\":\"es\",\"@id\":\"https:\\\/\\\/huancavilca.org.ec\\\/sitio\\\/quienes-somos\\\/#primaryimage\",\"url\":\"https:\\\/\\\/huancavilca.org.ec\\\/sitio\\\/wp-content\\\/plugins\\\/gavias-oxpitan-themer\\\/elementor\\\/assets\\\/images\\\/icon-heading.png\",\"contentUrl\":\"https:\\\/\\\/huancavilca.org.ec\\\/sitio\\\/wp-content\\\/plugins\\\/gavias-oxpitan-themer\\\/elementor\\\/assets\\\/images\\\/icon-heading.png\"},{\"@type\":\"BreadcrumbList\",\"@id\":\"https:\\\/\\\/huancavilca.org.ec\\\/sitio\\\/quienes-somos\\\/#breadcrumb\",\"itemListElement\":[{\"@type\":\"ListItem\",\"position\":1,\"name\":\"Portada\",\"item\":\"https:\\\/\\\/huancavilca.org.ec\\\/sitio\\\/\"},{\"@type\":\"ListItem\",\"position\":2,\"name\":\"\u00bfQui\u00e9nes somos?\"}]},{\"@type\":\"WebSite\",\"@id\":\"https:\\\/\\\/huancavilca.org.ec\\\/sitio\\\/#website\",\"url\":\"https:\\\/\\\/huancavilca.org.ec\\\/sitio\\\/\",\"name\":\"Fundaci\u00f3n Huancavilca\",\"description\":\"Ayuda a la comunidad con programas para todas las edades que involucran a los padres\",\"publisher\":{\"@id\":\"https:\\\/\\\/huancavilca.org.ec\\\/sitio\\\/#organization\"},\"potentialAction\":[{\"@type\":\"SearchAction\",\"target\":{\"@type\":\"EntryPoint\",\"urlTemplate\":\"https:\\\/\\\/huancavilca.org.ec\\\/sitio\\\/?s={search_term_string}\"},\"query-input\":{\"@type\":\"PropertyValueSpecification\",\"valueRequired\":true,\"valueName\":\"search_term_string\"}}],\"inLanguage\":\"es\"},{\"@type\":\"Organization\",\"@id\":\"https:\\\/\\\/huancavilca.org.ec\\\/sitio\\\/#organization\",\"name\":\"Fundaci\u00f3n Huancavilca\",\"url\":\"https:\\\/\\\/huancavilca.org.ec\\\/sitio\\\/\",\"logo\":{\"@type\":\"ImageObject\",\"inLanguage\":\"es\",\"@id\":\"https:\\\/\\\/huancavilca.org.ec\\\/sitio\\\/#\\\/schema\\\/logo\\\/image\\\/\",\"url\":\"https:\\\/\\\/huancavilca.org.ec\\\/sitio\\\/wp-content\\\/uploads\\\/2020\\\/08\\\/FH-LOGO-BL-mini.png\",\"contentUrl\":\"https:\\\/\\\/huancavilca.org.ec\\\/sitio\\\/wp-content\\\/uploads\\\/2020\\\/08\\\/FH-LOGO-BL-mini.png\",\"width\":150,\"height\":45,\"caption\":\"Fundaci\u00f3n Huancavilca\"},\"image\":{\"@id\":\"https:\\\/\\\/huancavilca.org.ec\\\/sitio\\\/#\\\/schema\\\/logo\\\/image\\\/\"},\"sameAs\":[\"https:\\\/\\\/www.facebook.com\\\/FundacionHuancavilca\\\/?locale=es_LA\",\"https:\\\/\\\/x.com\\\/FundHuancavilca\",\"https:\\\/\\\/www.instagram.com\\\/fundacionhuancavilca\\\/?hl=es\",\"https:\\\/\\\/www.youtube.com\\\/@FundacionHuancavilca\"]}]}<\/script>\n<!-- \/ Yoast SEO plugin. -->","yoast_head_json":{"title":"\u00bfQui\u00e9nes somos? - Fundaci\u00f3n Huancavilca","robots":{"index":"index","follow":"follow","max-snippet":"max-snippet:-1","max-image-preview":"max-image-preview:large","max-video-preview":"max-video-preview:-1"},"canonical":"https:\/\/huancavilca.org.ec\/sitio\/quienes-somos\/","og_locale":"es_ES","og_type":"article","og_title":"\u00bfQui\u00e9nes somos? - Fundaci\u00f3n Huancavilca","og_description":"Hubo, en lo que ahora son las tierras de la provincia del Guayas, una cultura luchadora, rebelde y respetuosa de la justicia: La cultura Huancavilca.\u00a0 En su honor y con el deseo de rescatar sus valores y emularlos, hemos tomado de ella nuestro nombre. En junio de 1992, un grupo de empresarios liderados por el [&hellip;]","og_url":"https:\/\/huancavilca.org.ec\/sitio\/quienes-somos\/","og_site_name":"Fundaci\u00f3n Huancavilca","article_publisher":"https:\/\/www.facebook.com\/FundacionHuancavilca\/?locale=es_LA","article_modified_time":"2025-12-02T19:28:31+00:00","og_image":[{"url":"https:\/\/huancavilca.org.ec\/sitio\/wp-content\/plugins\/gavias-oxpitan-themer\/elementor\/assets\/images\/icon-heading.png","type":"","width":"","height":""}],"twitter_card":"summary_large_image","twitter_site":"@FundHuancavilca","twitter_misc":{"Tiempo de lectura":"4 minutos"},"schema":{"@context":"https:\/\/schema.org","@graph":[{"@type":"WebPage","@id":"https:\/\/huancavilca.org.ec\/sitio\/quienes-somos\/","url":"https:\/\/huancavilca.org.ec\/sitio\/quienes-somos\/","name":"\u00bfQui\u00e9nes somos? - Fundaci\u00f3n Huancavilca","isPartOf":{"@id":"https:\/\/huancavilca.org.ec\/sitio\/#website"},"primaryImageOfPage":{"@id":"https:\/\/huancavilca.org.ec\/sitio\/quienes-somos\/#primaryimage"},"image":{"@id":"https:\/\/huancavilca.org.ec\/sitio\/quienes-somos\/#primaryimage"},"thumbnailUrl":"https:\/\/huancavilca.org.ec\/sitio\/wp-content\/plugins\/gavias-oxpitan-themer\/elementor\/assets\/images\/icon-heading.png","datePublished":"2020-08-22T18:12:41+00:00","dateModified":"2025-12-02T19:28:31+00:00","breadcrumb":{"@id":"https:\/\/huancavilca.org.ec\/sitio\/quienes-somos\/#breadcrumb"},"inLanguage":"es","potentialAction":[{"@type":"ReadAction","target":["https:\/\/huancavilca.org.ec\/sitio\/quienes-somos\/"]}]},{"@type":"ImageObject","inLanguage":"es","@id":"https:\/\/huancavilca.org.ec\/sitio\/quienes-somos\/#primaryimage","url":"https:\/\/huancavilca.org.ec\/sitio\/wp-content\/plugins\/gavias-oxpitan-themer\/elementor\/assets\/images\/icon-heading.png","contentUrl":"https:\/\/huancavilca.org.ec\/sitio\/wp-content\/plugins\/gavias-oxpitan-themer\/elementor\/assets\/images\/icon-heading.png"},{"@type":"BreadcrumbList","@id":"https:\/\/huancavilca.org.ec\/sitio\/quienes-somos\/#breadcrumb","itemListElement":[{"@type":"ListItem","position":1,"name":"Portada","item":"https:\/\/huancavilca.org.ec\/sitio\/"},{"@type":"ListItem","position":2,"name":"\u00bfQui\u00e9nes somos?"}]},{"@type":"WebSite","@id":"https:\/\/huancavilca.org.ec\/sitio\/#website","url":"https:\/\/huancavilca.org.ec\/sitio\/","name":"Fundaci\u00f3n Huancavilca","description":"Ayuda a la comunidad con programas para todas las edades que involucran a los padres","publisher":{"@id":"https:\/\/huancavilca.org.ec\/sitio\/#organization"},"potentialAction":[{"@type":"SearchAction","target":{"@type":"EntryPoint","urlTemplate":"https:\/\/huancavilca.org.ec\/sitio\/?s={search_term_string}"},"query-input":{"@type":"PropertyValueSpecification","valueRequired":true,"valueName":"search_term_string"}}],"inLanguage":"es"},{"@type":"Organization","@id":"https:\/\/huancavilca.org.ec\/sitio\/#organization","name":"Fundaci\u00f3n Huancavilca","url":"https:\/\/huancavilca.org.ec\/sitio\/","logo":{"@type":"ImageObject","inLanguage":"es","@id":"https:\/\/huancavilca.org.ec\/sitio\/#\/schema\/logo\/image\/","url":"https:\/\/huancavilca.org.ec\/sitio\/wp-content\/uploads\/2020\/08\/FH-LOGO-BL-mini.png","contentUrl":"https:\/\/huancavilca.org.ec\/sitio\/wp-content\/uploads\/2020\/08\/FH-LOGO-BL-mini.png","width":150,"height":45,"caption":"Fundaci\u00f3n Huancavilca"},"image":{"@id":"https:\/\/huancavilca.org.ec\/sitio\/#\/schema\/logo\/image\/"},"sameAs":["https:\/\/www.facebook.com\/FundacionHuancavilca\/?locale=es_LA","https:\/\/x.com\/FundHuancavilca","https:\/\/www.instagram.com\/fundacionhuancavilca\/?hl=es","https:\/\/www.youtube.com\/@FundacionHuancavilca"]}]}},"_links":{"self":[{"href":"https:\/\/huancavilca.org.ec\/sitio\/wp-json\/wp\/v2\/pages\/106","targetHints":{"allow":["GET"]}}],"collection":[{"href":"https:\/\/huancavilca.org.ec\/sitio\/wp-json\/wp\/v2\/pages"}],"about":[{"href":"https:\/\/huancavilca.org.ec\/sitio\/wp-json\/wp\/v2\/types\/page"}],"author":[{"embeddable":true,"href":"https:\/\/huancavilca.org.ec\/sitio\/wp-json\/wp\/v2\/users\/1"}],"replies":[{"embeddable":true,"href":"https:\/\/huancavilca.org.ec\/sitio\/wp-json\/wp\/v2\/comments?post=106"}],"version-history":[{"count":25,"href":"https:\/\/huancavilca.org.ec\/sitio\/wp-json\/wp\/v2\/pages\/106\/revisions"}],"predecessor-version":[{"id":5954,"href":"https:\/\/huancavilca.org.ec\/sitio\/wp-json\/wp\/v2\/pages\/106\/revisions\/5954"}],"wp:attachment":[{"href":"https:\/\/huancavilca.org.ec\/sitio\/wp-json\/wp\/v2\/media?parent=106"}],"curies":[{"name":"wp","href":"https:\/\/api.w.org\/{rel}","templated":true}]}}